{"id":11427,"date":"2025-06-10T16:03:27","date_gmt":"2025-06-10T14:03:27","guid":{"rendered":"https:\/\/lams-home.com\/?post_type=product&#038;p=11427"},"modified":"2025-10-10T16:05:23","modified_gmt":"2025-10-10T14:05:23","slug":"mug-30-cl-primavera","status":"publish","type":"product","link":"https:\/\/lams-home.com\/it\/produit\/mug-30-cl-primavera\/","title":{"rendered":"MUG 30 CL  PRIMAVERA"},"content":{"rendered":"<p class=\"p1\">Mug en porcelaine blanche lisse de 30 cl, au design sobre et intemporel. Id\u00e9al pour le service du caf\u00e9 allong\u00e9, du th\u00e9 ou des boissons chaudes en h\u00f4tellerie et restauration. La collection PRIMAVERA incarne la simplicit\u00e9 \u00e9l\u00e9gante au quotidien.<\/p>\n<ul>\n<li>\n<p class=\"p1\">Contenance : 30 cl<\/p>\n<\/li>\n<li>\n<p class=\"p1\">Porcelaine blanche lisse, finition brillante<\/p>\n<\/li>\n<li>\n<p class=\"p1\">Forme droite et \u00e9pur\u00e9e, prise en main agr\u00e9able<\/p>\n<\/li>\n<li>\n<p class=\"p1\">Robuste, empilable, usage intensif professionnel<\/p>\n<\/li>\n<li>\n<p class=\"p1\">Compatible lave-vaisselle et micro-ondes<\/p>\n<\/li>\n<\/ul>\n<p>&nbsp;<\/p>\n","protected":false},"excerpt":{"rendered":"<p>Mug en porcelaine blanche lisse de 30 cl, au design sobre et intemporel. Id\u00e9al pour le service du caf\u00e9 allong\u00e9, du th\u00e9 ou des boissons chaudes en h\u00f4tellerie et restauration. La collection PRIMAVERA incarne la simplicit\u00e9 \u00e9l\u00e9gante au quotidien. Contenance : 30 cl Porcelaine blanche lisse, finition brillante Forme droite et \u00e9pur\u00e9e, prise en main [&hellip;]<\/p>\n","protected":false},"featured_media":1484,"template":"","meta":{"_jet_sm_ready_style":"","_jet_sm_style":"","_jet_sm_controls_values":"","_jet_sm_fonts_collection":"","_jet_sm_fonts_links":""},"product_brand":[198],"product_cat":[51,39],"product_tag":[245],"product_collection":[421],"class_list":{"0":"post-11427","1":"product","2":"type-product","3":"status-publish","4":"has-post-thumbnail","6":"product_brand-lams-home","7":"product_cat-mugs-et-tasses","8":"product_cat-vaisselle","9":"product_tag-porcelaine","10":"product_collection-primavera","12":"first","13":"instock","14":"taxable","15":"shipping-taxable","16":"purchasable","17":"product-type-variable","18":"has-default-attributes"},"_links":{"self":[{"href":"https:\/\/lams-home.com\/it\/wp-json\/wp\/v2\/product\/11427","targetHints":{"allow":["GET"]}}],"collection":[{"href":"https:\/\/lams-home.com\/it\/wp-json\/wp\/v2\/product"}],"about":[{"href":"https:\/\/lams-home.com\/it\/wp-json\/wp\/v2\/types\/product"}],"version-history":[{"count":0,"href":"https:\/\/lams-home.com\/it\/wp-json\/wp\/v2\/product\/11427\/revisions"}],"wp:featuredmedia":[{"embeddable":true,"href":"https:\/\/lams-home.com\/it\/wp-json\/wp\/v2\/media\/1484"}],"wp:attachment":[{"href":"https:\/\/lams-home.com\/it\/wp-json\/wp\/v2\/media?parent=11427"}],"wp:term":[{"taxonomy":"product_brand","embeddable":true,"href":"https:\/\/lams-home.com\/it\/wp-json\/wp\/v2\/product_brand?post=11427"},{"taxonomy":"product_cat","embeddable":true,"href":"https:\/\/lams-home.com\/it\/wp-json\/wp\/v2\/product_cat?post=11427"},{"taxonomy":"product_tag","embeddable":true,"href":"https:\/\/lams-home.com\/it\/wp-json\/wp\/v2\/product_tag?post=11427"},{"taxonomy":"product_collection","embeddable":true,"href":"https:\/\/lams-home.com\/it\/wp-json\/wp\/v2\/product_collection?post=11427"}],"curies":[{"name":"wp","href":"https:\/\/api.w.org\/{rel}","templated":true}]}}